{"id":666,"date":"2021-04-16T09:16:37","date_gmt":"2021-04-16T09:16:37","guid":{"rendered":"https:\/\/pedrerademeia.geoparcorigens.cat\/?page_id=666"},"modified":"2021-07-07T14:52:11","modified_gmt":"2021-07-07T14:52:11","slug":"avis-legal","status":"publish","type":"page","link":"https:\/\/pedrerademeia.geoparcorigens.cat\/ca\/avis-legal\/","title":{"rendered":"Av\u00eds legal"},"content":{"rendered":"<div class=\"wrapper-classic-paragraph\">\n<p>Aquesta p\u00e0gina web ha estat creada per l\u2019Associaci\u00f3 Geoparc Conca de Tremp-Montsec, amb car\u00e0cter informatiu. El fet d\u2019accedir a aquesta p\u00e0gina implica el coneixement i acceptaci\u00f3 dels seg\u00fcents termes i condicions:<\/p>\n<h2>1. Titularitat de la p\u00e0gina web<\/h2>\n<p>El nom del domini www.geoparcorigens.cat, est\u00e0 enregistrat a favor d\u2019Associaci\u00f3 Geoparc Conca de Tremp-Montsec, amb CIF G25807181 i domicili social al Pg. Pompeu Fabra, 21, 25620 Tremp (Lleida).<\/p>\n<h2>2. Propietat intel\u00b7lectual de la web<\/h2>\n<p>Tots els drets de propietat intel\u00b7lectual del contingut d\u2019aquesta p\u00e0gina web i el seu disseny gr\u00e0fic, s\u00f3n propietat exclusiva de l\u2019Associaci\u00f3 Geoparc Conca de Tremp-Montsec, llevat d\u2019aquells continguts que s\u2019especifiqui una altra autoria; corresponent-nos l\u2019exercici exclusiu dels drets d\u2019explotaci\u00f3 dels mateixos, i compartits en els casos que s\u2019especifiqui.<\/p>\n<p>Per tant queda prohibida la seva reproducci\u00f3, distribuci\u00f3, comunicaci\u00f3 p\u00fablica i transformaci\u00f3, total o parcial, sense l\u2019autoritzaci\u00f3 expressa de l\u2019Associaci\u00f3 Geoparc Conca de Tremp-Montsec. Igualment, tots els noms comercials, marques o signes distintius de qualsevol classe continguts en aquesta p\u00e0gina web estan protegits per llei.<\/p>\n<h2>3. Contingut de la web i enlla\u00e7os<\/h2>\n<p>L\u2019usuari accedeix volunt\u00e0riament a aquesta p\u00e0gina web. L\u2019acc\u00e9s i navegaci\u00f3 en aquesta p\u00e0gina implica acceptar i con\u00e8ixer els advertiments legals, condicions i termes d\u2019\u00fas continguts en ella. El fet d\u2019accedir no implica l\u2019establiment de cap tipus de relaci\u00f3 comercial entre l\u2019Associaci\u00f3 Geoparc Conca de Tremp-Montsec i l\u2019usuari.<br \/>L\u2019Associaci\u00f3 Geoparc Conca de Tremp-Montsec no es responsabilitza del mal \u00fas que es realitzi dels continguts d\u2019aquesta p\u00e0gina web, sent exclusiva responsabilitat de la persona que hi accedeix a ells o els utilitza. Tampoc assumeix cap responsabilitat per la informaci\u00f3 continguda en les p\u00e0gines web de tercers a les que es pugui accedir per enlla\u00e7os des de la p\u00e0gina www.geoparcorigens.cat. La pres\u00e8ncia d\u2019aquests enlla\u00e7os tenen una finalitat informativa. En cas de l\u2019Associaci\u00f3 Geoparc Conca de Tremp-Montsec tingui coneixement efectiu de que l\u2019activitat o la informaci\u00f3 a la que es remet des de aquests enlla\u00e7os \u00e9s il\u00b7l\u00edcita, constitutiva de delicte o pot lesionar bens o drets de tercers susceptibles d\u2019indemnitzaci\u00f3, actuar\u00e0 amb la dilig\u00e8ncia necess\u00e0ria per suprimir o inutilitzar l\u2019enlla\u00e7 corresponent amb la major brevetat possible.<\/p>\n<h2>4. Intercanvi o difusi\u00f3 d\u2019informaci\u00f3<\/h2>\n<p>L\u2019Associaci\u00f3 Geoparc Conca de Tremp-Montsec declina tota responsabilitat que es derivi de l\u2019intercanvi d\u2019informaci\u00f3 entre usuaris a trav\u00e9s de la seva p\u00e0gina web. Especialment no ens fem responsables de l\u2019\u00fas que els menors puguin fer d\u2019ella en cas que els continguts a que es pugui accedir puguin ferir la seva sensibilitat.<\/p>\n<h2>5. Actualitzaci\u00f3 i modificaci\u00f3 de la p\u00e0gina web<\/h2>\n<p>L\u2019Associaci\u00f3 Geoparc Conca de Tremp-Montsec es reserva el dret d\u2019actualitzar, modificar o eliminar la informaci\u00f3 continguda en la seva p\u00e0gina web, i la seva configuraci\u00f3 o presentaci\u00f3, en qualsevol moment, sense previ avis i sense assumir cap responsabilitat per fer-ho.<\/p>\n<h2>6. Indicacions sobre aspectes t\u00e8cnics<\/h2>\n<p>A l\u2019Associaci\u00f3 Geoparc Conca de Tremp-Montsec no assumim cap responsabilitat que es pugui derivar de problemes t\u00e8cnics o errades en els equips inform\u00e0tics, no imputables a la nostra empresa, que es produeixin durant la connexi\u00f3 a la xarxa d\u2019Internet, o que puguin ser causats per terceres persones mitjan\u00e7ant intromissions il\u00b7leg\u00edtimes fora del nostre control.<\/p>\n<p>Des de l\u2019Associaci\u00f3 Geoparc Conca de Tremp-Montsec no garantim l\u2019abs\u00e8ncia de virus i d\u2019altres elements que puguin causar danys en els sistemes inform\u00e0tics, en els documents electr\u00f2nics o en els fitxers d\u2019usuari d\u2019aquesta p\u00e0gina web o de p\u00e0gines web de tercers, i per tant, no ens responsabilitzem dels prejudicis que es puguin produir per aquestes causes.<\/p>\n<p>Tamb\u00e9 quedem exonerats de tota responsabilitat davant de possibles danys o prejudicis que pugui patir l\u2019usuari com a conseq\u00fc\u00e8ncia d\u2019errades, defectes u omissions en la informaci\u00f3 que facilitem quan procedeixi de terceres fonts.<\/p>\n<h2>7. Tractament de dades de l\u2019usuari<\/h2>\n<p>Sense prejudici del previst en l\u2019indicat en cada un dels formularis de la p\u00e0gina web, quan l\u2019usuari faciliti les seves dades de car\u00e0cter personal, est\u00e0 autoritzant expressament a l\u2019Associaci\u00f3 Geoparc Conca de Tremp-Montsec al tractament de les seves Dades Personals per a les finalitats indicades en els mateixos formularis.<br \/>El tractament de les seves dades \u00fanicament i exclusivament per als serveis que sol\u00b7licita i les compet\u00e8ncies de l\u2019Associaci\u00f3 Geoparc Conca de Tremp \u2013 Montsec d\u2019acord a la normativa vigent en mat\u00e8ria de protecci\u00f3 de dades i societat de la informaci\u00f3. L\u2019\u00fas de les dades personals tindr\u00e0 car\u00e0cter confidencial.<br \/>Pot consultar el detall del tractament de dades que realitzem a la nostra pol\u00edtica de privacitat.<\/p>\n<h2>8. Cookies<\/h2>\n<p>Advertim que aquesta p\u00e0gina pot utilitzar galetes (cookies), que s\u00f3n petits fitxers de dades que es generen a l\u2019ordinador de l\u2019usuari i que permeten recordar l\u2019idioma i el portal triats, aix\u00ed com altres caracter\u00edstiques o prefer\u00e8ncies de navegaci\u00f3 de l\u2019usuari. Aquestes galetes no s\u00f3n invasores, ni nocives, ni contenen dades de car\u00e0cter personal, ja que l\u2019\u00fanica funci\u00f3 que tenen \u00e9s personalitzar-vos la navegaci\u00f3 en la forma expressada abans i fer an\u00e0lisis de l\u2019\u00fas del web per a estad\u00edstica i millora del servei. L\u2019usuari t\u00e9 l\u2019opci\u00f3 d\u2019impedir la generaci\u00f3 de galetes mitjan\u00e7ant la selecci\u00f3 de la corresponent opci\u00f3 en el seu programa de navegaci\u00f3.<\/p>\n<h2>9. Legislaci\u00f3 i jurisdicci\u00f3 aplicable<\/h2>\n<p>Amb car\u00e0cter general, les relacions amb els nostres clients, que es derivin de la prestaci\u00f3 dels serveis continguts en aquesta p\u00e0gina web, estan sotmesos a la legislaci\u00f3 i jurisdicci\u00f3 espanyola.<br \/>Els usuaris de la nostra p\u00e0gina web s\u00f3n conscients de tot l\u2019exposat i ho accepten volunt\u00e0riament.<\/p>\n<p>\u00a0<\/p>\n<p>\u00a0<\/p>\n<\/div>\n\n\n<p><\/p>\n","protected":false},"excerpt":{"rendered":"<p>Aquesta p\u00e0gina web ha estat creada per l\u2019Associaci\u00f3 Geoparc Conca de Tremp-Montsec, amb car\u00e0cter informatiu. El fet d\u2019accedir a aquesta p\u00e0gina implica el coneixement i acceptaci\u00f3 dels seg\u00fcents termes i condicions: 1. Titularitat de la p\u00e0gina web El nom del domini www.geoparcorigens.cat, est\u00e0 enregistrat a favor d\u2019Associaci\u00f3 Geoparc Conca de Tremp-Montsec, amb CIF G25807181 i [&hellip;]<\/p>\n","protected":false},"author":1,"featured_media":0,"parent":0,"menu_order":0,"comment_status":"closed","ping_status":"closed","template":"","meta":{"_acf_changed":false,"footnotes":""},"class_list":["post-666","page","type-page","status-publish","hentry"],"acf":[],"yoast_head":"<!-- This site is optimized with the Yoast SEO plugin v27.4 - https:\/\/yoast.com\/product\/yoast-seo-wordpress\/ -->\n<title>Av\u00eds legal - Pedrera de Meia - Geoparc Origens<\/title>\n<meta name=\"robots\" content=\"index, follow, max-snippet:-1, max-image-preview:large, max-video-preview:-1\" \/>\n<link rel=\"canonical\" href=\"https:\/\/pedrerademeia.geoparcorigens.cat\/ca\/avis-legal\/\" \/>\n<meta property=\"og:locale\" content=\"ca_ES\" \/>\n<meta property=\"og:type\" content=\"article\" \/>\n<meta property=\"og:title\" content=\"Av\u00eds legal - Pedrera de Meia - Geoparc Origens\" \/>\n<meta property=\"og:description\" content=\"Aquesta p\u00e0gina web ha estat creada per l\u2019Associaci\u00f3 Geoparc Conca de Tremp-Montsec, amb car\u00e0cter informatiu. El fet d\u2019accedir a aquesta p\u00e0gina implica el coneixement i acceptaci\u00f3 dels seg\u00fcents termes i condicions: 1. Titularitat de la p\u00e0gina web El nom del domini www.geoparcorigens.cat, est\u00e0 enregistrat a favor d\u2019Associaci\u00f3 Geoparc Conca de Tremp-Montsec, amb CIF G25807181 i [&hellip;]\" \/>\n<meta property=\"og:url\" content=\"https:\/\/pedrerademeia.geoparcorigens.cat\/ca\/avis-legal\/\" \/>\n<meta property=\"og:site_name\" content=\"Pedrera de Meia - Geoparc Origens\" \/>\n<meta property=\"article:modified_time\" content=\"2021-07-07T14:52:11+00:00\" \/>\n<meta name=\"twitter:card\" content=\"summary_large_image\" \/>\n<meta name=\"twitter:label1\" content=\"Temps estimat de lectura\" \/>\n\t<meta name=\"twitter:data1\" content=\"4 minuts\" \/>\n<script type=\"application\/ld+json\" class=\"yoast-schema-graph\">{\"@context\":\"https:\\\/\\\/schema.org\",\"@graph\":[{\"@type\":\"WebPage\",\"@id\":\"https:\\\/\\\/pedrerademeia.geoparcorigens.cat\\\/ca\\\/avis-legal\\\/\",\"url\":\"https:\\\/\\\/pedrerademeia.geoparcorigens.cat\\\/ca\\\/avis-legal\\\/\",\"name\":\"Av\u00eds legal - Pedrera de Meia - Geoparc Origens\",\"isPartOf\":{\"@id\":\"https:\\\/\\\/pedrerademeia.geoparcorigens.cat\\\/ca\\\/#website\"},\"datePublished\":\"2021-04-16T09:16:37+00:00\",\"dateModified\":\"2021-07-07T14:52:11+00:00\",\"breadcrumb\":{\"@id\":\"https:\\\/\\\/pedrerademeia.geoparcorigens.cat\\\/ca\\\/avis-legal\\\/#breadcrumb\"},\"inLanguage\":\"ca\",\"potentialAction\":[{\"@type\":\"ReadAction\",\"target\":[\"https:\\\/\\\/pedrerademeia.geoparcorigens.cat\\\/ca\\\/avis-legal\\\/\"]}]},{\"@type\":\"BreadcrumbList\",\"@id\":\"https:\\\/\\\/pedrerademeia.geoparcorigens.cat\\\/ca\\\/avis-legal\\\/#breadcrumb\",\"itemListElement\":[{\"@type\":\"ListItem\",\"position\":1,\"name\":\"Portada\",\"item\":\"https:\\\/\\\/pedrerademeia.geoparcorigens.cat\\\/ca\\\/\"},{\"@type\":\"ListItem\",\"position\":2,\"name\":\"Av\u00eds legal\"}]},{\"@type\":\"WebSite\",\"@id\":\"https:\\\/\\\/pedrerademeia.geoparcorigens.cat\\\/ca\\\/#website\",\"url\":\"https:\\\/\\\/pedrerademeia.geoparcorigens.cat\\\/ca\\\/\",\"name\":\"Pedrera de Meia - Geoparc Origens\",\"description\":\"Otro sitio realizado con WordPress\",\"publisher\":{\"@id\":\"https:\\\/\\\/pedrerademeia.geoparcorigens.cat\\\/ca\\\/#organization\"},\"potentialAction\":[{\"@type\":\"SearchAction\",\"target\":{\"@type\":\"EntryPoint\",\"urlTemplate\":\"https:\\\/\\\/pedrerademeia.geoparcorigens.cat\\\/ca\\\/?s={search_term_string}\"},\"query-input\":{\"@type\":\"PropertyValueSpecification\",\"valueRequired\":true,\"valueName\":\"search_term_string\"}}],\"inLanguage\":\"ca\"},{\"@type\":\"Organization\",\"@id\":\"https:\\\/\\\/pedrerademeia.geoparcorigens.cat\\\/ca\\\/#organization\",\"name\":\"Pedrera de Meia - Geoparc Origens\",\"url\":\"https:\\\/\\\/pedrerademeia.geoparcorigens.cat\\\/ca\\\/\",\"logo\":{\"@type\":\"ImageObject\",\"inLanguage\":\"ca\",\"@id\":\"https:\\\/\\\/pedrerademeia.geoparcorigens.cat\\\/ca\\\/#\\\/schema\\\/logo\\\/image\\\/\",\"url\":\"https:\\\/\\\/pedrerademeia.geoparcorigens.cat\\\/wp-content\\\/uploads\\\/cropped-cropped-geoparc_logo_marca_color_transparent.png\",\"contentUrl\":\"https:\\\/\\\/pedrerademeia.geoparcorigens.cat\\\/wp-content\\\/uploads\\\/cropped-cropped-geoparc_logo_marca_color_transparent.png\",\"width\":5197,\"height\":2011,\"caption\":\"Pedrera de Meia - Geoparc Origens\"},\"image\":{\"@id\":\"https:\\\/\\\/pedrerademeia.geoparcorigens.cat\\\/ca\\\/#\\\/schema\\\/logo\\\/image\\\/\"}}]}<\/script>\n<!-- \/ Yoast SEO plugin. -->","yoast_head_json":{"title":"Av\u00eds legal - Pedrera de Meia - Geoparc Origens","robots":{"index":"index","follow":"follow","max-snippet":"max-snippet:-1","max-image-preview":"max-image-preview:large","max-video-preview":"max-video-preview:-1"},"canonical":"https:\/\/pedrerademeia.geoparcorigens.cat\/ca\/avis-legal\/","og_locale":"ca_ES","og_type":"article","og_title":"Av\u00eds legal - Pedrera de Meia - Geoparc Origens","og_description":"Aquesta p\u00e0gina web ha estat creada per l\u2019Associaci\u00f3 Geoparc Conca de Tremp-Montsec, amb car\u00e0cter informatiu. El fet d\u2019accedir a aquesta p\u00e0gina implica el coneixement i acceptaci\u00f3 dels seg\u00fcents termes i condicions: 1. Titularitat de la p\u00e0gina web El nom del domini www.geoparcorigens.cat, est\u00e0 enregistrat a favor d\u2019Associaci\u00f3 Geoparc Conca de Tremp-Montsec, amb CIF G25807181 i [&hellip;]","og_url":"https:\/\/pedrerademeia.geoparcorigens.cat\/ca\/avis-legal\/","og_site_name":"Pedrera de Meia - Geoparc Origens","article_modified_time":"2021-07-07T14:52:11+00:00","twitter_card":"summary_large_image","twitter_misc":{"Temps estimat de lectura":"4 minuts"},"schema":{"@context":"https:\/\/schema.org","@graph":[{"@type":"WebPage","@id":"https:\/\/pedrerademeia.geoparcorigens.cat\/ca\/avis-legal\/","url":"https:\/\/pedrerademeia.geoparcorigens.cat\/ca\/avis-legal\/","name":"Av\u00eds legal - Pedrera de Meia - Geoparc Origens","isPartOf":{"@id":"https:\/\/pedrerademeia.geoparcorigens.cat\/ca\/#website"},"datePublished":"2021-04-16T09:16:37+00:00","dateModified":"2021-07-07T14:52:11+00:00","breadcrumb":{"@id":"https:\/\/pedrerademeia.geoparcorigens.cat\/ca\/avis-legal\/#breadcrumb"},"inLanguage":"ca","potentialAction":[{"@type":"ReadAction","target":["https:\/\/pedrerademeia.geoparcorigens.cat\/ca\/avis-legal\/"]}]},{"@type":"BreadcrumbList","@id":"https:\/\/pedrerademeia.geoparcorigens.cat\/ca\/avis-legal\/#breadcrumb","itemListElement":[{"@type":"ListItem","position":1,"name":"Portada","item":"https:\/\/pedrerademeia.geoparcorigens.cat\/ca\/"},{"@type":"ListItem","position":2,"name":"Av\u00eds legal"}]},{"@type":"WebSite","@id":"https:\/\/pedrerademeia.geoparcorigens.cat\/ca\/#website","url":"https:\/\/pedrerademeia.geoparcorigens.cat\/ca\/","name":"Pedrera de Meia - Geoparc Origens","description":"Otro sitio realizado con WordPress","publisher":{"@id":"https:\/\/pedrerademeia.geoparcorigens.cat\/ca\/#organization"},"potentialAction":[{"@type":"SearchAction","target":{"@type":"EntryPoint","urlTemplate":"https:\/\/pedrerademeia.geoparcorigens.cat\/ca\/?s={search_term_string}"},"query-input":{"@type":"PropertyValueSpecification","valueRequired":true,"valueName":"search_term_string"}}],"inLanguage":"ca"},{"@type":"Organization","@id":"https:\/\/pedrerademeia.geoparcorigens.cat\/ca\/#organization","name":"Pedrera de Meia - Geoparc Origens","url":"https:\/\/pedrerademeia.geoparcorigens.cat\/ca\/","logo":{"@type":"ImageObject","inLanguage":"ca","@id":"https:\/\/pedrerademeia.geoparcorigens.cat\/ca\/#\/schema\/logo\/image\/","url":"https:\/\/pedrerademeia.geoparcorigens.cat\/wp-content\/uploads\/cropped-cropped-geoparc_logo_marca_color_transparent.png","contentUrl":"https:\/\/pedrerademeia.geoparcorigens.cat\/wp-content\/uploads\/cropped-cropped-geoparc_logo_marca_color_transparent.png","width":5197,"height":2011,"caption":"Pedrera de Meia - Geoparc Origens"},"image":{"@id":"https:\/\/pedrerademeia.geoparcorigens.cat\/ca\/#\/schema\/logo\/image\/"}}]}},"_links":{"self":[{"href":"https:\/\/pedrerademeia.geoparcorigens.cat\/ca\/wp-json\/wp\/v2\/pages\/666","targetHints":{"allow":["GET"]}}],"collection":[{"href":"https:\/\/pedrerademeia.geoparcorigens.cat\/ca\/wp-json\/wp\/v2\/pages"}],"about":[{"href":"https:\/\/pedrerademeia.geoparcorigens.cat\/ca\/wp-json\/wp\/v2\/types\/page"}],"author":[{"embeddable":true,"href":"https:\/\/pedrerademeia.geoparcorigens.cat\/ca\/wp-json\/wp\/v2\/users\/1"}],"replies":[{"embeddable":true,"href":"https:\/\/pedrerademeia.geoparcorigens.cat\/ca\/wp-json\/wp\/v2\/comments?post=666"}],"version-history":[{"count":0,"href":"https:\/\/pedrerademeia.geoparcorigens.cat\/ca\/wp-json\/wp\/v2\/pages\/666\/revisions"}],"wp:attachment":[{"href":"https:\/\/pedrerademeia.geoparcorigens.cat\/ca\/wp-json\/wp\/v2\/media?parent=666"}],"curies":[{"name":"wp","href":"https:\/\/api.w.org\/{rel}","templated":true}]}}