{"id":9505,"date":"2021-07-07T09:32:24","date_gmt":"2021-07-07T09:32:24","guid":{"rendered":"https:\/\/pedrerademeia.geoparcorigens.cat\/?post_type=collections&#038;p=9505"},"modified":"2025-04-02T09:19:09","modified_gmt":"2025-04-02T09:19:09","slug":"la-coleccion-del-institut-destudis-ilerdencs","status":"publish","type":"collections","link":"https:\/\/pedrerademeia.geoparcorigens.cat\/es\/coleccion\/la-coleccion-del-institut-destudis-ilerdencs\/","title":{"rendered":"Institut d\u2019Estudis Ilerdencs"},"content":{"rendered":"<div class=\"wrapper-classic-paragraph\"><\/div><div class=\"wrapper-classic-paragraph\">\n          \n\n          <p>\n            <span style=\"font-weight: 400;\">El Institut d\u2019Estudis Ilerdencs (IEI) se encuentra en la ciudad de Lleida y forma parte de la Diputaci\u00f3n de Lleida, una administraci\u00f3n provincial dedicada a apoyar a los municipios. Durante m\u00e1s de 40 a\u00f1os, el IEI ha recogido y almacenado f\u00f3siles de las canteras y actualmente su colecci\u00f3n contiene 4.001 ejemplares. <\/span>\n          <\/p>\n          \n\n          <p>\n            <span style=\"font-weight: 400;\">La colecci\u00f3n de f\u00f3siles de las calizas litogr\u00e1ficas de Mei\u00e0 empresa depositada en el Institut d\u2019Estudis Ilerdencs, es muy variada y con una procedencia que va desde las cesiones aisladas de particulares, cesi\u00f3n de colecciones de gran alcance, materiales recolectados en las campa\u00f1as del IEI y, finalmente, excavaciones y recolecciones efectuadas bajo la normativa de preservaci\u00f3n del patrimonio del Departament de Cultura de la Generalitat de Catalunya.<\/span>\n          <\/p>\n          \n\n          <p>\n            <span style=\"font-weight: 400;\">Esta diversidad en la tipolog\u00eda de los dep\u00f3sitos, a\u00f1adida a que el IEI no es un museo registrado dentro del sistema de museos de la Generalitat de Catalunya, ha hecho que esta magn\u00edfica colecci\u00f3n de m\u00e1s de 4.000 f\u00f3siles se encuentre en una situaci\u00f3n que se podr\u00eda considerar de \u00abno regularizada\u00bb. Poco a poco, la Diputaci\u00f3n de Lleida ha ido dando pasos para consolidar y conservar esta magn\u00edfica colecci\u00f3n para que siga siendo, como hasta ahora, una colecci\u00f3n de referencia cient\u00edfica y divulgativa a nivel mundial. <\/span>\n          <\/p>\n          \n\n          <p>\n            <span style=\"font-weight: 400;\">Podemos diferenciar la colecci\u00f3n en varias tipolog\u00edas:<\/span>\n          <\/p>\n          \n\n          <p><span style=\"font-weight: 400;\">&#8211; <\/span><i><span style=\"font-weight: 400;\">F\u00f3siles provenientes de las campa\u00f1as sistem\u00e1ticas<\/span><\/i><span style=\"font-weight: 400;\">: seg\u00fan Bernat Vila (cat\u00e1logo in\u00e9dito de los f\u00f3siles del IEI), esta colecci\u00f3n est\u00e1 compuesta por 3.692 siglas y corresponden a las 19 campa\u00f1as de excavaci\u00f3n realizadas por la secci\u00f3n de Geo-paleontolog\u00eda entre los a\u00f1os 1979 y 1998. De entre ellas, podemos considerar que las campa\u00f1as de los a\u00f1os 1994, 1995, 1996 y 1998 (en total 696 f\u00f3siles) ya se encuentran incluidas dentro de la Ley 9\/1993 del Patrimonio Catal\u00e1n, que regula tanto la recolecci\u00f3n como el dep\u00f3sito de los f\u00f3siles, de manera que la propiedad de los mismos corresponder\u00eda a la Generalitat. <\/span><\/p>\n          \n\n          <p><span style=\"font-weight: 400;\">&#8211; <\/span><i><span style=\"font-weight: 400;\">F\u00f3siles de la colecci\u00f3n G\u00f3mez-Pallerola<\/span><\/i><span style=\"font-weight: 400;\">: son 950 siglas donadas por Enric G\u00f3mez-Pallerola, casi todas de las localidades de La Pedrera y La Cabroa.<\/span><\/p>\n          \n\n          <p>\n            <span style=\"font-weight: 400;\">&#8211; Fuentes provenientes de donaciones y\/o cesiones de particulares: seg\u00fan Vila (cat\u00e1logo in\u00e9dito) esta parte de la colecci\u00f3n est\u00e1 formada por 986 siglas donadas por un total de 52 personas o entidades.<\/span>\n          <\/p>\n          \n\n          <p> <\/p>\n          \n\n          <p>\n            <i>\n              <span style=\"font-weight: 400;\">Estad\u00edsticas de la colecci\u00f3n<\/span>\n            <\/i>\n          <\/p>\n          \n\n          <p>\n            <span style=\"font-weight: 400;\">Art\u00edculo principal B. Vila (in\u00e9dito)<\/span>\n          <\/p>\n          \n\n          <p><span style=\"font-weight: 400;\">Dentro de la colecci\u00f3n de f\u00f3siles del IEI, los procedentes de La Pedrera (1.992, 35,34%) y los de La Cabroa (2.926, 51,91%) constituyen la mayor parte de la misma (87,25% y 4.918 f\u00f3siles). En cuanto a los taxones, hay una sobrerrepresentaci\u00f3n de algunos de ellos. Seg\u00fan Vila, el pescado    <\/span><i><span style=\"font-weight: 400;\">Ascalobos<\/span><\/i><span style=\"font-weight: 400;\"> es el m\u00e1s representado con 586 esp\u00e9cimenes (10,19% de la colecci\u00f3n), seguido por la larva <\/span><i><span style=\"font-weight: 400;\">Mesopalingea leridae<\/span><\/i><span style=\"font-weight: 400;\"> con 278 esp\u00e9cimenes (5,05%), los copr\u00f3litos (290 esp\u00e9cimenes, 5,05%), Insecta (278 esp\u00e9cimenes, 4,84%), <\/span><i><span style=\"font-weight: 400;\">Montsechia vidalii<\/span><\/i><span style=\"font-weight: 400;\"> (241 esp\u00e9cimenes, 4,19%), vegetales indeterminados (224 esp\u00e9cimenes, 3,9%), peces indeterminados (188 esp\u00e9cimenes, 3,27%), <\/span><i><span style=\"font-weight: 400;\">Zamites<\/span><\/i><span style=\"font-weight: 400;\">  sp. (178 esp\u00e9cimenes, 3,1 %), cole\u00f3pteros (178 esp\u00e9cimenes, 3,1%) y bl\u00e1tidos (170 esp\u00e9cimenes, 2,96%). <\/span><\/p>\n          \n\n        \n<\/div>","protected":false},"featured_media":0,"template":"","class_list":["post-9505","collections","type-collections","status-publish","hentry"],"acf":[],"yoast_head":"<!-- This site is optimized with the Yoast SEO plugin v27.4 - https:\/\/yoast.com\/product\/yoast-seo-wordpress\/ -->\n<title>Institut d\u2019Estudis Ilerdencs - Pedrera de Meia - Geoparc Origens<\/title>\n<meta name=\"robots\" content=\"index, follow, max-snippet:-1, max-image-preview:large, max-video-preview:-1\" \/>\n<link rel=\"canonical\" href=\"https:\/\/pedrerademeia.geoparcorigens.cat\/es\/coleccion\/la-coleccion-del-institut-destudis-ilerdencs\/\" \/>\n<meta property=\"og:locale\" content=\"es_ES\" \/>\n<meta property=\"og:type\" content=\"article\" \/>\n<meta property=\"og:title\" content=\"Institut d\u2019Estudis Ilerdencs - Pedrera de Meia - Geoparc Origens\" \/>\n<meta property=\"og:description\" content=\"El Institut d\u2019Estudis Ilerdencs (IEI) se encuentra en la ciudad de Lleida y forma parte de la Diputaci\u00f3n de Lleida, una administraci\u00f3n provincial dedicada a apoyar a los municipios. Durante m\u00e1s de 40 a\u00f1os, el IEI ha recogido y almacenado f\u00f3siles de las canteras y actualmente su colecci\u00f3n contiene 4.001 ejemplares. La colecci\u00f3n de f\u00f3siles [&hellip;]\" \/>\n<meta property=\"og:url\" content=\"https:\/\/pedrerademeia.geoparcorigens.cat\/es\/coleccion\/la-coleccion-del-institut-destudis-ilerdencs\/\" \/>\n<meta property=\"og:site_name\" content=\"Pedrera de Meia - Geoparc Origens\" \/>\n<meta property=\"article:modified_time\" content=\"2025-04-02T09:19:09+00:00\" \/>\n<meta name=\"twitter:card\" content=\"summary_large_image\" \/>\n<meta name=\"twitter:label1\" content=\"Tiempo de lectura\" \/>\n\t<meta name=\"twitter:data1\" content=\"3 minutos\" \/>\n<script type=\"application\/ld+json\" class=\"yoast-schema-graph\">{\"@context\":\"https:\\\/\\\/schema.org\",\"@graph\":[{\"@type\":\"WebPage\",\"@id\":\"https:\\\/\\\/pedrerademeia.geoparcorigens.cat\\\/es\\\/coleccion\\\/la-coleccion-del-institut-destudis-ilerdencs\\\/\",\"url\":\"https:\\\/\\\/pedrerademeia.geoparcorigens.cat\\\/es\\\/coleccion\\\/la-coleccion-del-institut-destudis-ilerdencs\\\/\",\"name\":\"Institut d\u2019Estudis Ilerdencs - Pedrera de Meia - Geoparc Origens\",\"isPartOf\":{\"@id\":\"https:\\\/\\\/pedrerademeia.geoparcorigens.cat\\\/es\\\/#website\"},\"datePublished\":\"2021-07-07T09:32:24+00:00\",\"dateModified\":\"2025-04-02T09:19:09+00:00\",\"breadcrumb\":{\"@id\":\"https:\\\/\\\/pedrerademeia.geoparcorigens.cat\\\/es\\\/coleccion\\\/la-coleccion-del-institut-destudis-ilerdencs\\\/#breadcrumb\"},\"inLanguage\":\"es\",\"potentialAction\":[{\"@type\":\"ReadAction\",\"target\":[\"https:\\\/\\\/pedrerademeia.geoparcorigens.cat\\\/es\\\/coleccion\\\/la-coleccion-del-institut-destudis-ilerdencs\\\/\"]}]},{\"@type\":\"BreadcrumbList\",\"@id\":\"https:\\\/\\\/pedrerademeia.geoparcorigens.cat\\\/es\\\/coleccion\\\/la-coleccion-del-institut-destudis-ilerdencs\\\/#breadcrumb\",\"itemListElement\":[{\"@type\":\"ListItem\",\"position\":1,\"name\":\"Portada\",\"item\":\"https:\\\/\\\/pedrerademeia.geoparcorigens.cat\\\/es\\\/\"},{\"@type\":\"ListItem\",\"position\":2,\"name\":\"Institut d\u2019Estudis Ilerdencs\"}]},{\"@type\":\"WebSite\",\"@id\":\"https:\\\/\\\/pedrerademeia.geoparcorigens.cat\\\/es\\\/#website\",\"url\":\"https:\\\/\\\/pedrerademeia.geoparcorigens.cat\\\/es\\\/\",\"name\":\"Pedrera de Meia - Geoparc Origens\",\"description\":\"Otro sitio realizado con WordPress\",\"publisher\":{\"@id\":\"https:\\\/\\\/pedrerademeia.geoparcorigens.cat\\\/es\\\/#organization\"},\"potentialAction\":[{\"@type\":\"SearchAction\",\"target\":{\"@type\":\"EntryPoint\",\"urlTemplate\":\"https:\\\/\\\/pedrerademeia.geoparcorigens.cat\\\/es\\\/?s={search_term_string}\"},\"query-input\":{\"@type\":\"PropertyValueSpecification\",\"valueRequired\":true,\"valueName\":\"search_term_string\"}}],\"inLanguage\":\"es\"},{\"@type\":\"Organization\",\"@id\":\"https:\\\/\\\/pedrerademeia.geoparcorigens.cat\\\/es\\\/#organization\",\"name\":\"Pedrera de Meia - Geoparc Origens\",\"url\":\"https:\\\/\\\/pedrerademeia.geoparcorigens.cat\\\/es\\\/\",\"logo\":{\"@type\":\"ImageObject\",\"inLanguage\":\"es\",\"@id\":\"https:\\\/\\\/pedrerademeia.geoparcorigens.cat\\\/es\\\/#\\\/schema\\\/logo\\\/image\\\/\",\"url\":\"https:\\\/\\\/pedrerademeia.geoparcorigens.cat\\\/wp-content\\\/uploads\\\/cropped-cropped-geoparc_logo_marca_color_transparent.png\",\"contentUrl\":\"https:\\\/\\\/pedrerademeia.geoparcorigens.cat\\\/wp-content\\\/uploads\\\/cropped-cropped-geoparc_logo_marca_color_transparent.png\",\"width\":5197,\"height\":2011,\"caption\":\"Pedrera de Meia - Geoparc Origens\"},\"image\":{\"@id\":\"https:\\\/\\\/pedrerademeia.geoparcorigens.cat\\\/es\\\/#\\\/schema\\\/logo\\\/image\\\/\"}}]}<\/script>\n<!-- \/ Yoast SEO plugin. -->","yoast_head_json":{"title":"Institut d\u2019Estudis Ilerdencs - Pedrera de Meia - Geoparc Origens","robots":{"index":"index","follow":"follow","max-snippet":"max-snippet:-1","max-image-preview":"max-image-preview:large","max-video-preview":"max-video-preview:-1"},"canonical":"https:\/\/pedrerademeia.geoparcorigens.cat\/es\/coleccion\/la-coleccion-del-institut-destudis-ilerdencs\/","og_locale":"es_ES","og_type":"article","og_title":"Institut d\u2019Estudis Ilerdencs - Pedrera de Meia - Geoparc Origens","og_description":"El Institut d\u2019Estudis Ilerdencs (IEI) se encuentra en la ciudad de Lleida y forma parte de la Diputaci\u00f3n de Lleida, una administraci\u00f3n provincial dedicada a apoyar a los municipios. Durante m\u00e1s de 40 a\u00f1os, el IEI ha recogido y almacenado f\u00f3siles de las canteras y actualmente su colecci\u00f3n contiene 4.001 ejemplares. La colecci\u00f3n de f\u00f3siles [&hellip;]","og_url":"https:\/\/pedrerademeia.geoparcorigens.cat\/es\/coleccion\/la-coleccion-del-institut-destudis-ilerdencs\/","og_site_name":"Pedrera de Meia - Geoparc Origens","article_modified_time":"2025-04-02T09:19:09+00:00","twitter_card":"summary_large_image","twitter_misc":{"Tiempo de lectura":"3 minutos"},"schema":{"@context":"https:\/\/schema.org","@graph":[{"@type":"WebPage","@id":"https:\/\/pedrerademeia.geoparcorigens.cat\/es\/coleccion\/la-coleccion-del-institut-destudis-ilerdencs\/","url":"https:\/\/pedrerademeia.geoparcorigens.cat\/es\/coleccion\/la-coleccion-del-institut-destudis-ilerdencs\/","name":"Institut d\u2019Estudis Ilerdencs - Pedrera de Meia - Geoparc Origens","isPartOf":{"@id":"https:\/\/pedrerademeia.geoparcorigens.cat\/es\/#website"},"datePublished":"2021-07-07T09:32:24+00:00","dateModified":"2025-04-02T09:19:09+00:00","breadcrumb":{"@id":"https:\/\/pedrerademeia.geoparcorigens.cat\/es\/coleccion\/la-coleccion-del-institut-destudis-ilerdencs\/#breadcrumb"},"inLanguage":"es","potentialAction":[{"@type":"ReadAction","target":["https:\/\/pedrerademeia.geoparcorigens.cat\/es\/coleccion\/la-coleccion-del-institut-destudis-ilerdencs\/"]}]},{"@type":"BreadcrumbList","@id":"https:\/\/pedrerademeia.geoparcorigens.cat\/es\/coleccion\/la-coleccion-del-institut-destudis-ilerdencs\/#breadcrumb","itemListElement":[{"@type":"ListItem","position":1,"name":"Portada","item":"https:\/\/pedrerademeia.geoparcorigens.cat\/es\/"},{"@type":"ListItem","position":2,"name":"Institut d\u2019Estudis Ilerdencs"}]},{"@type":"WebSite","@id":"https:\/\/pedrerademeia.geoparcorigens.cat\/es\/#website","url":"https:\/\/pedrerademeia.geoparcorigens.cat\/es\/","name":"Pedrera de Meia - Geoparc Origens","description":"Otro sitio realizado con WordPress","publisher":{"@id":"https:\/\/pedrerademeia.geoparcorigens.cat\/es\/#organization"},"potentialAction":[{"@type":"SearchAction","target":{"@type":"EntryPoint","urlTemplate":"https:\/\/pedrerademeia.geoparcorigens.cat\/es\/?s={search_term_string}"},"query-input":{"@type":"PropertyValueSpecification","valueRequired":true,"valueName":"search_term_string"}}],"inLanguage":"es"},{"@type":"Organization","@id":"https:\/\/pedrerademeia.geoparcorigens.cat\/es\/#organization","name":"Pedrera de Meia - Geoparc Origens","url":"https:\/\/pedrerademeia.geoparcorigens.cat\/es\/","logo":{"@type":"ImageObject","inLanguage":"es","@id":"https:\/\/pedrerademeia.geoparcorigens.cat\/es\/#\/schema\/logo\/image\/","url":"https:\/\/pedrerademeia.geoparcorigens.cat\/wp-content\/uploads\/cropped-cropped-geoparc_logo_marca_color_transparent.png","contentUrl":"https:\/\/pedrerademeia.geoparcorigens.cat\/wp-content\/uploads\/cropped-cropped-geoparc_logo_marca_color_transparent.png","width":5197,"height":2011,"caption":"Pedrera de Meia - Geoparc Origens"},"image":{"@id":"https:\/\/pedrerademeia.geoparcorigens.cat\/es\/#\/schema\/logo\/image\/"}}]}},"_links":{"self":[{"href":"https:\/\/pedrerademeia.geoparcorigens.cat\/es\/wp-json\/wp\/v2\/collections\/9505","targetHints":{"allow":["GET"]}}],"collection":[{"href":"https:\/\/pedrerademeia.geoparcorigens.cat\/es\/wp-json\/wp\/v2\/collections"}],"about":[{"href":"https:\/\/pedrerademeia.geoparcorigens.cat\/es\/wp-json\/wp\/v2\/types\/collections"}],"wp:attachment":[{"href":"https:\/\/pedrerademeia.geoparcorigens.cat\/es\/wp-json\/wp\/v2\/media?parent=9505"}],"curies":[{"name":"wp","href":"https:\/\/api.w.org\/{rel}","templated":true}]}}