{"id":9413,"date":"2021-07-06T10:45:00","date_gmt":"2021-07-06T10:45:00","guid":{"rendered":"https:\/\/pedrerademeia.geoparcorigens.cat\/?page_id=9413"},"modified":"2025-04-02T09:09:08","modified_gmt":"2025-04-02T09:09:08","slug":"los-yacimientos-de-la-pedrera","status":"publish","type":"page","link":"https:\/\/pedrerademeia.geoparcorigens.cat\/es\/los-yacimientos-de-la-pedrera\/","title":{"rendered":"El yacimiento de La Pedrera"},"content":{"rendered":"\n<div class=\"wp-block-group alignfull\"><div class=\"wp-block-group__inner-container is-layout-flow wp-block-group-is-layout-flow\">\n<div class=\"wp-block-columns is-layout-flex wp-container-core-columns-is-layout-9d6595d7 wp-block-columns-is-layout-flex\">\n<div class=\"wp-block-column is-layout-flow wp-block-column-is-layout-flow\"><div class=\"wrapper-classic-paragraph\">\n<h2>El descubrimiento del yacimiento<\/h2>\n<h4>El yacimiento de La Pedrera recibe su nombre de la actividad de extracci\u00f3n de piedra litogr\u00e1fica que tuvo lugar al tumbar de los siglos XIX al XX. De hecho, el nombre geol\u00f3gico y\/o paleontol\u00f3gico del yacimiento es \u00abcalizas litogr\u00e1ficas con plantas y vertebrados de la Pedrera de R\u00fabies\u00bb. Est\u00e1 situado en la sierra de Montsec de Mei\u00e0, en la llamada colina de Cabrera, cerca del pueblo abandonado de R\u00fabies (municipio de Camarasa) y de Santa Maria de Mei\u00e0 (municipio de Vilanova de Mei\u00e0).  <\/h4>\n<p>Este yacimiento fue descubierto por el ingeniero de minas Llu\u00eds Mari\u00e0 Vidal i Carreres que hab\u00eda estudiado en 1875 la sierra de Montsec y que conoc\u00eda con mucho detalle las diversas rocas, capas y formaciones geol\u00f3gicas de la misma. Se empez\u00f3 a explotar de forma comercial en los primeros meses de 1898. <\/p>\n<\/div><\/div>\n\n\n\n<div class=\"wp-block-column is-layout-flow wp-block-column-is-layout-flow\"> \n\n<div class=\"cont--image-gallery\">\n      \n    \n    <div class=\"items--image-gallery owl-carousel\">\n        \n                  \n            \n            \n            <div class=\"item content--image-gallery-item\">\n                <div class=\"cont--image\">\n                    <img loading=\"lazy\" decoding=\"async\" width=\"1920\" height=\"1329\" src=\"https:\/\/pedrerademeia.geoparcorigens.cat\/wp-content\/uploads\/vista-llunyana-Rubies.jpg\" class=\"attachment-full size-full\" alt=\"\" srcset=\"https:\/\/pedrerademeia.geoparcorigens.cat\/wp-content\/uploads\/vista-llunyana-Rubies.jpg 1920w, https:\/\/pedrerademeia.geoparcorigens.cat\/wp-content\/uploads\/vista-llunyana-Rubies-1536x1063.jpg 1536w\" sizes=\"auto, (max-width: 1920px) 100vw, 1920px\" \/>                <\/div>\n                <div class=\"cont--text-caption\">\n                    Vista lejana de R\u00fabies, autor Llu\u00eds Mari\u00e0 Vidal (entre 1890 y 1922). \u00a9Archivo Fotogr\u00e1fico Centre Excursionista de Catalunya.                 <\/div>\n            <\/div>\n\n            \n            <div class=\"item content--image-gallery-item\">\n                <div class=\"cont--image\">\n                    <img loading=\"lazy\" decoding=\"async\" width=\"1920\" height=\"1440\" src=\"https:\/\/pedrerademeia.geoparcorigens.cat\/wp-content\/uploads\/Poble-Rubies-A.jpg\" class=\"attachment-full size-full\" alt=\"\" srcset=\"https:\/\/pedrerademeia.geoparcorigens.cat\/wp-content\/uploads\/Poble-Rubies-A.jpg 1920w, https:\/\/pedrerademeia.geoparcorigens.cat\/wp-content\/uploads\/Poble-Rubies-A-1536x1152.jpg 1536w\" sizes=\"auto, (max-width: 1920px) 100vw, 1920px\" \/>                <\/div>\n                <div class=\"cont--text-caption\">\n                    Vista actual del pueblo abandonado de R\u00fabies. Pueblo Rubies (A). \u00a9 \u00c0ngel Galobart                  <\/div>\n            <\/div>\n\n            \n        \n    <\/div>\n<\/div><\/div>\n<\/div>\n<\/div><\/div>\n\n<div class=\"wp-block-group alignfull has-light-grey-background-color has-background\"><div class=\"wp-block-group__inner-container is-layout-flow wp-block-group-is-layout-flow\">\n<div class=\"wp-block-columns is-layout-flex wp-container-core-columns-is-layout-9d6595d7 wp-block-columns-is-layout-flex\">\n<div class=\"wp-block-column is-layout-flow wp-block-column-is-layout-flow\"> \n\n<div class=\"cont--block-video\">\n    <div class=\"item content--block-video-item\">\n        <div class=\"cont--media\">\n            <div class=\"cont--media-inner\">\n                                    <div class=\"cont--video--image\">\n                    <div class=\"cont--image\">\n                        <img loading=\"lazy\" decoding=\"async\" width=\"539\" height=\"302\" src=\"https:\/\/pedrerademeia.geoparcorigens.cat\/wp-content\/uploads\/img-jaciment-placeholder-pedrera01.jpg\" class=\"attachment-full size-full\" alt=\"\" \/>                    <\/div>\n                                        <div class=\"button--play\">\n                        <a id=\"play-video\"><\/a>\n                    <\/div>\n                                    <\/div>\n                                                \n                                    <div class=\"cont--video--iframe\">\n                        <div class=\"cont--video\">\n                            <iframe loading=\"lazy\" width=\"400\" height=\"300\" src=\"https:\/\/www.youtube.com\/embed\/s-B57nBjpGs\" frameborder=\"0\" allow=\"accelerometer; autoplay; clipboard-write; encrypted-media; gyroscope; picture-in-picture\" allowfullscreen><\/iframe>\n                        <\/div>\n                    <\/div>            \n                            <\/div>\n        <\/div>\n        <div class=\"cont--text-caption\">\n            Vista a\u00e9rea del peque\u00f1o afloramiento llamado Pedrera d&#8217;en Castej\u00f3n. \u00a9Geoparque Or\u00edgenes         <\/div>\n    <\/div>\n<\/div><\/div>\n\n\n\n<div class=\"wp-block-column is-layout-flow wp-block-column-is-layout-flow\">\n<div class=\"cont--text-carousel bg_white\">\n\n    <div class=\"cont--title\">\n        <h2><\/h2>\n    <\/div>\n\n    \n    <div class=\"items--text-carousel owl-carousel\">\n\n        \n            \n                <div class=\"item content--text-carousel-item\">\n                                        <div class=\"cont--text\">\n                        <p>El documento m\u00e1s antiguo que habla de la Pedrera de Mei\u00e0 nos informa de que \u00e9sta fue cedida a censo enfit\u00e9utico a Josep Palmada i Guitart, mediante subasta p\u00fablica celebrada en el Ayuntamiento de Santa Maria de Mei\u00e0 (entonces pueblo de 474 habitantes y cabeza de su municipio), el 15 de diciembre de 1897. Hicieron su escritura notarial el 18 de enero de 1898. El censo enfit\u00e9utico se otorgaba por cincuenta a\u00f1os y el Ayuntamiento se reservaba el dominio directo de la finca. La subasta estaba abierta a todos y al mejor postor. Palmada ofreci\u00f3 en la subasta 1.525 pesetas por la cantera y 183 pesetas por el censo anual de enfiteusis.    <\/p>\n                    <\/div>\n                <\/div>\n\n            \n                <div class=\"item content--text-carousel-item\">\n                                        <div class=\"cont--text\">\n                        <p>La sesi\u00f3n de la subasta no fue pac\u00edfica, ya que entre los presentes hab\u00eda ofrecimientos econ\u00f3micos superiores a los que hac\u00eda Palmada, pero hab\u00edan sido desestimados por no cumplir las condiciones de la subasta. Concretamente Buenaventura Salud, en nombre del terrateniente de Vilanova de Mei\u00e0, Emili Castej\u00f3n Mestres, ofrec\u00eda un precio superior por el censo enfit\u00e9utico, pero no cumpl\u00eda los requisitos y fue desestimado. A pesar de las protestas, el alcalde de Santa Maria de Mei\u00e0, Pere Rocaspana i Farriol, adjudic\u00f3 la cantera a Josep Palmada. La superficie otorgada era de cuarenta mil metros cuadrados de terreno y estaba obligado por las condiciones de la subasta a abrir o arreglar camino desde la cantera hasta Vilanova de Mei\u00e0, pasando por Santa Maria. Palmada tom\u00f3 posesi\u00f3n personal a pie de finca de la cantera ante el alcalde y otros testigos el 19 de enero de 1898.    <\/p>\n                    <\/div>\n                <\/div>\n\n            \n        \n    <\/div>\n\n    \n<\/div><\/div>\n<\/div>\n<\/div><\/div>\n\n<div class=\"wp-block-group alignfull\"><div class=\"wp-block-group__inner-container is-layout-flow wp-block-group-is-layout-flow\">\n<div class=\"wp-block-columns order-column-mobile is-layout-flex wp-container-core-columns-is-layout-9d6595d7 wp-block-columns-is-layout-flex\">\n<div class=\"wp-block-column is-layout-flow wp-block-column-is-layout-flow\"> \n\n<div class=\"cont--image-gallery\">\n      \n    \n    <div class=\"items--image-gallery owl-carousel\">\n        \n                  \n            \n            \n            <div class=\"item content--image-gallery-item\">\n                <div class=\"cont--image\">\n                    <img loading=\"lazy\" decoding=\"async\" width=\"1786\" height=\"2560\" src=\"https:\/\/pedrerademeia.geoparcorigens.cat\/wp-content\/uploads\/Pas-de-la-Cabrua-scaled.jpg\" class=\"attachment-full size-full\" alt=\"\" srcset=\"https:\/\/pedrerademeia.geoparcorigens.cat\/wp-content\/uploads\/Pas-de-la-Cabrua-scaled.jpg 1786w, https:\/\/pedrerademeia.geoparcorigens.cat\/wp-content\/uploads\/Pas-de-la-Cabrua-scaled-1072x1536.jpg 1072w, https:\/\/pedrerademeia.geoparcorigens.cat\/wp-content\/uploads\/Pas-de-la-Cabrua-scaled-1429x2048.jpg 1429w\" sizes=\"auto, (max-width: 1786px) 100vw, 1786px\" \/>                <\/div>\n                <div class=\"cont--text-caption\">\n                    Vista del paso de la Cabroa, autor Llu\u00eds Mari\u00e0 Vidal (entre 1890 y 1922). \u00a9Archivo Fotogr\u00e1fico Centre Excursionista de Catalunya.                 <\/div>\n            <\/div>\n\n            \n        \n    <\/div>\n<\/div><\/div>\n\n\n\n<div class=\"wp-block-column is-layout-flow wp-block-column-is-layout-flow\"><div class=\"wrapper-classic-paragraph\">\n<h2>El paso de la Cabroa<\/h2>\n<p>Para poner en marcha la empresa, abrieron un camino de carro que bajaba desde cerca de R\u00fabies hasta la cantera, dise\u00f1ando un trazado en zigzag con giravoltios muy angulosos hasta llegar al yacimiento. Desde R\u00fabies, el camino baja hacia Santa Maria por el peligroso paraje de La Cabroa. Las obras de esta pista las dirig\u00eda Miquel Escol\u00e0, conocido como \u00abMiquel de la Pedrera\u00bb. Como el lugar de la extracci\u00f3n de la piedra estaba muy alejado de los pueblos m\u00e1s cercanos, se construyeron a pie de cantera seis casetas donde hac\u00edan estancia los obreros.   <\/p>\n<\/div><\/div>\n<\/div>\n<\/div><\/div>\n\n<div class=\"wp-block-group alignfull has-light-grey-background-color has-background\"><div class=\"wp-block-group__inner-container is-layout-flow wp-block-group-is-layout-flow\">\n<div class=\"wp-block-columns order-column-mobile is-layout-flex wp-container-core-columns-is-layout-9d6595d7 wp-block-columns-is-layout-flex\">\n<div class=\"wp-block-column is-layout-flow wp-block-column-is-layout-flow\"><div class=\"wrapper-heading\">\n<h2 class=\"wp-block-heading\">Inicio y final de los trabajos<\/h2>\n<\/div>\n\n\n<div class=\"cont--text-carousel without_bg\">\n\n    <div class=\"cont--title\">\n        <h2><\/h2>\n    <\/div>\n\n    \n    <div class=\"items--text-carousel owl-carousel\">\n\n        \n            \n                <div class=\"item content--text-carousel-item\">\n                                        <div class=\"cont--text\">\n                        <h4>El yacimiento se empez\u00f3 a explotar comercialmente en los primeros meses de 1898.<\/h4>\n<p>Las losas extra\u00eddas se transportaban con carros que bajaban por la Cabroa y no se pod\u00edan cargar mucho porque el camino era estrecho, pendiente y muy peligroso. Estos carros, hasta m\u00e1s all\u00e1 de la Cabroa eran arrastrados por toros, ya que por su potencia y el desplazamiento m\u00e1s lento minimizaban el peligro. Al llegar al camino m\u00e1s bueno, los toros eran cambiados por machetes que bajaban los carros hasta Santa Maria de Mei\u00e0. Desde aqu\u00ed, las losas se bajaban tambi\u00e9n en carros hasta la estaci\u00f3n de ferrocarril de T\u00e0rrega, situada a 44 km. Desde all\u00ed, las piedras litogr\u00e1ficas se transportaban a Barcelona a un almac\u00e9n de la calle Carrilet donde se depositaban, para distribuirlas por las diferentes imprentas.    <\/p>\n                    <\/div>\n                <\/div>\n\n            \n                <div class=\"item content--text-carousel-item\">\n                                        <div class=\"cont--text\">\n                        <p>El 2 de julio de 1903 se constituy\u00f3 la sociedad an\u00f3nima Calizas Litogr\u00e1ficas S.A. con domicilio en Barcelona y un capital social de 1.500.000 pesetas, repartido en tres mil acciones de 500 pesetas cada una. El presidente de la sociedad era Llu\u00eds Mari\u00e0 Vidal y el director gerente Josep Palmada, contratista de obras barcelon\u00e9s que ya dirig\u00eda los trabajos de extracci\u00f3n. Estas losas litogr\u00e1ficas deb\u00edan competir con las que se importaban del conocido yacimiento de Snolhofen (Baviera, Alemania) y del de Cerin (Ain, Francia).  <\/p>\n                    <\/div>\n                <\/div>\n\n            \n                <div class=\"item content--text-carousel-item\">\n                                        <div class=\"cont--text\">\n                        <p>Seg\u00fan algunas fuentes, la extracci\u00f3n comercial de las losas litogr\u00e1ficas termin\u00f3 en 1913 (Vidal 1915, pag. 23). En una conferencia que el propio Vidal pronunci\u00f3 en 1917 sobre la geolog\u00eda de Montsec en la Real Academia de Ciencias de Barcelona, expone el error del negocio de las Montsec, por haber instalado en Barcelona los talleres de tratamiento de las losas, en lugar de haberlo hecho al pie de la misma cantera,  tal como se hac\u00eda en Solnhofen, lo que encarec\u00eda notablemente los costes. A pesar de ello, Vidal, consideraba todav\u00eda rentable el negocio no s\u00f3lo por las losas litogr\u00e1ficas, sino tambi\u00e9n como material de construcci\u00f3n y por los tesoros paleontol\u00f3gicos que se encontraban. Acabada la explotaci\u00f3n comercial del yacimiento, tambi\u00e9n se acabaron los grandes hallazgos de f\u00f3siles y la Pedrera de Mei\u00e0 qued\u00f3 bastante olvidada.   <\/p>\n                    <\/div>\n                <\/div>\n\n            \n                <div class=\"item content--text-carousel-item\">\n                                        <div class=\"cont--text\">\n                        <p>Tras la muerte de Llu\u00eds Mari\u00e0 Vidal en 1922 y el azote de la Guerra Civil, la Pedrera cay\u00f3 en un olvido generalizado. Durante 1938, en plena Guerra Civil y cuando el frente nacional arrib\u00f3 al Noguera Pallaresa, la Pedrera form\u00f3 parte de la cabeza de puente del ej\u00e9rcito insurrecto de la Baron\u00eda de Sant O\u00efsme. Pasada la guerra cuando el pa\u00eds se empez\u00f3 a desvelar de la oscuridad generada por el r\u00e9gimen franquista, profesionales y aficionados fueron redescubriendo de nuevo la Pedrera de Mei\u00e0.  <\/p>\n                    <\/div>\n                <\/div>\n\n            \n        \n    <\/div>\n\n    \n<\/div><\/div>\n\n\n\n<div class=\"wp-block-column is-layout-flow wp-block-column-is-layout-flow\"> \n\n<div class=\"cont--block-video\">\n    <div class=\"item content--block-video-item\">\n        <div class=\"cont--media\">\n            <div class=\"cont--media-inner\">\n                                    <div class=\"cont--video--image\">\n                    <div class=\"cont--image\">\n                        <img loading=\"lazy\" decoding=\"async\" width=\"600\" height=\"400\" src=\"https:\/\/pedrerademeia.geoparcorigens.cat\/wp-content\/uploads\/image_dumy.png\" class=\"attachment-full size-full\" alt=\"\" \/>                    <\/div>\n                                        <div class=\"button--play\">\n                        <a id=\"play-video\"><\/a>\n                    <\/div>\n                                    <\/div>\n                                                \n                                    <div class=\"cont--video--iframe\">\n                        <div class=\"cont--video\">\n                            <iframe loading=\"lazy\" width=\"400\" height=\"300\" src=\"https:\/\/www.youtube.com\/embed\/seD2BBhxpho\" frameborder=\"0\" allow=\"accelerometer; autoplay; clipboard-write; encrypted-media; gyroscope; picture-in-picture\" allowfullscreen><\/iframe>\n                        <\/div>\n                    <\/div>            \n                            <\/div>\n        <\/div>\n        <div class=\"cont--text-caption\">\n            Vista a\u00e9rea del yacimiento de La Pedrera de Mei\u00e0. \u00a9Geoparque Or\u00edgenes         <\/div>\n    <\/div>\n<\/div><\/div>\n<\/div>\n\n\n\n<hr class=\"wp-block-separator alignwide\"\/>\n\n\n\n<div class=\"wp-block-columns is-layout-flex wp-container-core-columns-is-layout-9d6595d7 wp-block-columns-is-layout-flex\">\n<div class=\"wp-block-column is-layout-flow wp-block-column-is-layout-flow\"> \n\n<div class=\"cont--block-video\">\n    <div class=\"item content--block-video-item\">\n        <div class=\"cont--media\">\n            <div class=\"cont--media-inner\">\n                                    <div class=\"cont--video--image\">\n                    <div class=\"cont--image\">\n                        <img loading=\"lazy\" decoding=\"async\" width=\"600\" height=\"400\" src=\"https:\/\/pedrerademeia.geoparcorigens.cat\/wp-content\/uploads\/image_dumy.png\" class=\"attachment-full size-full\" alt=\"\" \/>                    <\/div>\n                                        <div class=\"button--play\">\n                        <a id=\"play-video\"><\/a>\n                    <\/div>\n                                    <\/div>\n                                                \n                                    <div class=\"cont--video--iframe\">\n                        <div class=\"cont--video\">\n                            <iframe loading=\"lazy\" width=\"400\" height=\"300\" src=\"https:\/\/www.youtube.com\/embed\/hZyFg9NwtAM\" frameborder=\"0\" allow=\"accelerometer; autoplay; clipboard-write; encrypted-media; gyroscope; picture-in-picture\" allowfullscreen><\/iframe>\n                        <\/div>\n                    <\/div>            \n                            <\/div>\n        <\/div>\n        <div class=\"cont--text-caption\">\n            Vista a\u00e9rea del yacimiento de La Pedrera de Mei\u00e0. \u00a9Geoparque Or\u00edgenes         <\/div>\n    <\/div>\n<\/div><\/div>\n\n\n\n<div class=\"wp-block-column is-layout-flow wp-block-column-is-layout-flow\"><div class=\"wrapper-classic-paragraph\">\n<h4>Actualmente la Pedrera se encuentra dentro del t\u00e9rmino municipal de Vilanova de Mei\u00e0 e hist\u00f3ricamente se ha referido como Pedrera de Santa Maria de Rosanes y tambi\u00e9n como Santa Maria de Mei\u00e0.<\/h4>\n<p>En cuanto a esta parte m\u00e1s oriental de Montsec tambi\u00e9n ha recibido tanto el nombre de Montsec de R\u00fabies como el de Montsec de Mei\u00e0, el m\u00e1s aceptado actualmente y el que utilizaremos como top\u00f3nimo para designar tanto esta parte oriental de Montsec como para designar la Pedrera.<\/p>\n<\/div><\/div>\n<\/div>\n<\/div><\/div>\n\n<a id=\"button-to-top\"><\/a>\n","protected":false},"excerpt":{"rendered":"<p>El descubrimiento del yacimiento El yacimiento de La Pedrera recibe su nombre de la actividad de extracci\u00f3n de piedra litogr\u00e1fica que tuvo lugar al tumbar de los siglos XIX al XX. De hecho, el nombre geol\u00f3gico y\/o paleontol\u00f3gico del yacimiento es \u00abcalizas litogr\u00e1ficas con plantas y vertebrados de la Pedrera de R\u00fabies\u00bb. Est\u00e1 situado en [&hellip;]<\/p>\n","protected":false},"author":1,"featured_media":0,"parent":0,"menu_order":0,"comment_status":"closed","ping_status":"closed","template":"page-templates\/page-landing.php","meta":{"_acf_changed":false,"footnotes":""},"class_list":["post-9413","page","type-page","status-publish","hentry"],"acf":[],"yoast_head":"<!-- This site is optimized with the Yoast SEO plugin v27.4 - https:\/\/yoast.com\/product\/yoast-seo-wordpress\/ -->\n<title>El yacimiento de La Pedrera - Pedrera de Meia - Geoparc Origens<\/title>\n<meta name=\"robots\" content=\"index, follow, max-snippet:-1, max-image-preview:large, max-video-preview:-1\" \/>\n<link rel=\"canonical\" href=\"https:\/\/pedrerademeia.geoparcorigens.cat\/es\/los-yacimientos-de-la-pedrera\/\" \/>\n<meta property=\"og:locale\" content=\"es_ES\" \/>\n<meta property=\"og:type\" content=\"article\" \/>\n<meta property=\"og:title\" content=\"El yacimiento de La Pedrera - Pedrera de Meia - Geoparc Origens\" \/>\n<meta property=\"og:description\" content=\"El descubrimiento del yacimiento El yacimiento de La Pedrera recibe su nombre de la actividad de extracci\u00f3n de piedra litogr\u00e1fica que tuvo lugar al tumbar de los siglos XIX al XX. De hecho, el nombre geol\u00f3gico y\/o paleontol\u00f3gico del yacimiento es \u00abcalizas litogr\u00e1ficas con plantas y vertebrados de la Pedrera de R\u00fabies\u00bb. Est\u00e1 situado en [&hellip;]\" \/>\n<meta property=\"og:url\" content=\"https:\/\/pedrerademeia.geoparcorigens.cat\/es\/los-yacimientos-de-la-pedrera\/\" \/>\n<meta property=\"og:site_name\" content=\"Pedrera de Meia - Geoparc Origens\" \/>\n<meta property=\"article:modified_time\" content=\"2025-04-02T09:09:08+00:00\" \/>\n<meta name=\"twitter:card\" content=\"summary_large_image\" \/>\n<meta name=\"twitter:label1\" content=\"Tiempo de lectura\" \/>\n\t<meta name=\"twitter:data1\" content=\"2 minutos\" \/>\n<script type=\"application\/ld+json\" class=\"yoast-schema-graph\">{\"@context\":\"https:\\\/\\\/schema.org\",\"@graph\":[{\"@type\":\"WebPage\",\"@id\":\"https:\\\/\\\/pedrerademeia.geoparcorigens.cat\\\/es\\\/los-yacimientos-de-la-pedrera\\\/\",\"url\":\"https:\\\/\\\/pedrerademeia.geoparcorigens.cat\\\/es\\\/los-yacimientos-de-la-pedrera\\\/\",\"name\":\"El yacimiento de La Pedrera - Pedrera de Meia - Geoparc Origens\",\"isPartOf\":{\"@id\":\"https:\\\/\\\/pedrerademeia.geoparcorigens.cat\\\/es\\\/#website\"},\"datePublished\":\"2021-07-06T10:45:00+00:00\",\"dateModified\":\"2025-04-02T09:09:08+00:00\",\"breadcrumb\":{\"@id\":\"https:\\\/\\\/pedrerademeia.geoparcorigens.cat\\\/es\\\/los-yacimientos-de-la-pedrera\\\/#breadcrumb\"},\"inLanguage\":\"es\",\"potentialAction\":[{\"@type\":\"ReadAction\",\"target\":[\"https:\\\/\\\/pedrerademeia.geoparcorigens.cat\\\/es\\\/los-yacimientos-de-la-pedrera\\\/\"]}]},{\"@type\":\"BreadcrumbList\",\"@id\":\"https:\\\/\\\/pedrerademeia.geoparcorigens.cat\\\/es\\\/los-yacimientos-de-la-pedrera\\\/#breadcrumb\",\"itemListElement\":[{\"@type\":\"ListItem\",\"position\":1,\"name\":\"Portada\",\"item\":\"https:\\\/\\\/pedrerademeia.geoparcorigens.cat\\\/es\\\/\"},{\"@type\":\"ListItem\",\"position\":2,\"name\":\"El yacimiento de La Pedrera\"}]},{\"@type\":\"WebSite\",\"@id\":\"https:\\\/\\\/pedrerademeia.geoparcorigens.cat\\\/es\\\/#website\",\"url\":\"https:\\\/\\\/pedrerademeia.geoparcorigens.cat\\\/es\\\/\",\"name\":\"Pedrera de Meia - Geoparc Origens\",\"description\":\"Otro sitio realizado con WordPress\",\"publisher\":{\"@id\":\"https:\\\/\\\/pedrerademeia.geoparcorigens.cat\\\/es\\\/#organization\"},\"potentialAction\":[{\"@type\":\"SearchAction\",\"target\":{\"@type\":\"EntryPoint\",\"urlTemplate\":\"https:\\\/\\\/pedrerademeia.geoparcorigens.cat\\\/es\\\/?s={search_term_string}\"},\"query-input\":{\"@type\":\"PropertyValueSpecification\",\"valueRequired\":true,\"valueName\":\"search_term_string\"}}],\"inLanguage\":\"es\"},{\"@type\":\"Organization\",\"@id\":\"https:\\\/\\\/pedrerademeia.geoparcorigens.cat\\\/es\\\/#organization\",\"name\":\"Pedrera de Meia - Geoparc Origens\",\"url\":\"https:\\\/\\\/pedrerademeia.geoparcorigens.cat\\\/es\\\/\",\"logo\":{\"@type\":\"ImageObject\",\"inLanguage\":\"es\",\"@id\":\"https:\\\/\\\/pedrerademeia.geoparcorigens.cat\\\/es\\\/#\\\/schema\\\/logo\\\/image\\\/\",\"url\":\"https:\\\/\\\/pedrerademeia.geoparcorigens.cat\\\/wp-content\\\/uploads\\\/cropped-cropped-geoparc_logo_marca_color_transparent.png\",\"contentUrl\":\"https:\\\/\\\/pedrerademeia.geoparcorigens.cat\\\/wp-content\\\/uploads\\\/cropped-cropped-geoparc_logo_marca_color_transparent.png\",\"width\":5197,\"height\":2011,\"caption\":\"Pedrera de Meia - Geoparc Origens\"},\"image\":{\"@id\":\"https:\\\/\\\/pedrerademeia.geoparcorigens.cat\\\/es\\\/#\\\/schema\\\/logo\\\/image\\\/\"}}]}<\/script>\n<!-- \/ Yoast SEO plugin. -->","yoast_head_json":{"title":"El yacimiento de La Pedrera - Pedrera de Meia - Geoparc Origens","robots":{"index":"index","follow":"follow","max-snippet":"max-snippet:-1","max-image-preview":"max-image-preview:large","max-video-preview":"max-video-preview:-1"},"canonical":"https:\/\/pedrerademeia.geoparcorigens.cat\/es\/los-yacimientos-de-la-pedrera\/","og_locale":"es_ES","og_type":"article","og_title":"El yacimiento de La Pedrera - Pedrera de Meia - Geoparc Origens","og_description":"El descubrimiento del yacimiento El yacimiento de La Pedrera recibe su nombre de la actividad de extracci\u00f3n de piedra litogr\u00e1fica que tuvo lugar al tumbar de los siglos XIX al XX. De hecho, el nombre geol\u00f3gico y\/o paleontol\u00f3gico del yacimiento es \u00abcalizas litogr\u00e1ficas con plantas y vertebrados de la Pedrera de R\u00fabies\u00bb. Est\u00e1 situado en [&hellip;]","og_url":"https:\/\/pedrerademeia.geoparcorigens.cat\/es\/los-yacimientos-de-la-pedrera\/","og_site_name":"Pedrera de Meia - Geoparc Origens","article_modified_time":"2025-04-02T09:09:08+00:00","twitter_card":"summary_large_image","twitter_misc":{"Tiempo de lectura":"2 minutos"},"schema":{"@context":"https:\/\/schema.org","@graph":[{"@type":"WebPage","@id":"https:\/\/pedrerademeia.geoparcorigens.cat\/es\/los-yacimientos-de-la-pedrera\/","url":"https:\/\/pedrerademeia.geoparcorigens.cat\/es\/los-yacimientos-de-la-pedrera\/","name":"El yacimiento de La Pedrera - Pedrera de Meia - Geoparc Origens","isPartOf":{"@id":"https:\/\/pedrerademeia.geoparcorigens.cat\/es\/#website"},"datePublished":"2021-07-06T10:45:00+00:00","dateModified":"2025-04-02T09:09:08+00:00","breadcrumb":{"@id":"https:\/\/pedrerademeia.geoparcorigens.cat\/es\/los-yacimientos-de-la-pedrera\/#breadcrumb"},"inLanguage":"es","potentialAction":[{"@type":"ReadAction","target":["https:\/\/pedrerademeia.geoparcorigens.cat\/es\/los-yacimientos-de-la-pedrera\/"]}]},{"@type":"BreadcrumbList","@id":"https:\/\/pedrerademeia.geoparcorigens.cat\/es\/los-yacimientos-de-la-pedrera\/#breadcrumb","itemListElement":[{"@type":"ListItem","position":1,"name":"Portada","item":"https:\/\/pedrerademeia.geoparcorigens.cat\/es\/"},{"@type":"ListItem","position":2,"name":"El yacimiento de La Pedrera"}]},{"@type":"WebSite","@id":"https:\/\/pedrerademeia.geoparcorigens.cat\/es\/#website","url":"https:\/\/pedrerademeia.geoparcorigens.cat\/es\/","name":"Pedrera de Meia - Geoparc Origens","description":"Otro sitio realizado con WordPress","publisher":{"@id":"https:\/\/pedrerademeia.geoparcorigens.cat\/es\/#organization"},"potentialAction":[{"@type":"SearchAction","target":{"@type":"EntryPoint","urlTemplate":"https:\/\/pedrerademeia.geoparcorigens.cat\/es\/?s={search_term_string}"},"query-input":{"@type":"PropertyValueSpecification","valueRequired":true,"valueName":"search_term_string"}}],"inLanguage":"es"},{"@type":"Organization","@id":"https:\/\/pedrerademeia.geoparcorigens.cat\/es\/#organization","name":"Pedrera de Meia - Geoparc Origens","url":"https:\/\/pedrerademeia.geoparcorigens.cat\/es\/","logo":{"@type":"ImageObject","inLanguage":"es","@id":"https:\/\/pedrerademeia.geoparcorigens.cat\/es\/#\/schema\/logo\/image\/","url":"https:\/\/pedrerademeia.geoparcorigens.cat\/wp-content\/uploads\/cropped-cropped-geoparc_logo_marca_color_transparent.png","contentUrl":"https:\/\/pedrerademeia.geoparcorigens.cat\/wp-content\/uploads\/cropped-cropped-geoparc_logo_marca_color_transparent.png","width":5197,"height":2011,"caption":"Pedrera de Meia - Geoparc Origens"},"image":{"@id":"https:\/\/pedrerademeia.geoparcorigens.cat\/es\/#\/schema\/logo\/image\/"}}]}},"_links":{"self":[{"href":"https:\/\/pedrerademeia.geoparcorigens.cat\/es\/wp-json\/wp\/v2\/pages\/9413","targetHints":{"allow":["GET"]}}],"collection":[{"href":"https:\/\/pedrerademeia.geoparcorigens.cat\/es\/wp-json\/wp\/v2\/pages"}],"about":[{"href":"https:\/\/pedrerademeia.geoparcorigens.cat\/es\/wp-json\/wp\/v2\/types\/page"}],"author":[{"embeddable":true,"href":"https:\/\/pedrerademeia.geoparcorigens.cat\/es\/wp-json\/wp\/v2\/users\/1"}],"replies":[{"embeddable":true,"href":"https:\/\/pedrerademeia.geoparcorigens.cat\/es\/wp-json\/wp\/v2\/comments?post=9413"}],"version-history":[{"count":3,"href":"https:\/\/pedrerademeia.geoparcorigens.cat\/es\/wp-json\/wp\/v2\/pages\/9413\/revisions"}],"predecessor-version":[{"id":25769,"href":"https:\/\/pedrerademeia.geoparcorigens.cat\/es\/wp-json\/wp\/v2\/pages\/9413\/revisions\/25769"}],"wp:attachment":[{"href":"https:\/\/pedrerademeia.geoparcorigens.cat\/es\/wp-json\/wp\/v2\/media?parent=9413"}],"curies":[{"name":"wp","href":"https:\/\/api.w.org\/{rel}","templated":true}]}}